{"id":13,"date":"2020-09-21T15:46:02","date_gmt":"2020-09-21T13:46:02","guid":{"rendered":"http:\/\/web.germantimber.company\/?page_id=13"},"modified":"2024-04-18T13:37:08","modified_gmt":"2024-04-18T11:37:08","slug":"weichholzstaemm","status":"publish","type":"page","link":"https:\/\/www.germantimber.company\/en\/weichholzstaemm\/","title":{"rendered":"Softwood"},"content":{"rendered":"<div data-elementor-type=\"wp-page\" data-elementor-id=\"13\" class=\"elementor elementor-13\" data-elementor-post-type=\"page\">\n\t\t\t\t\t\t<section class=\"elementor-section elementor-top-section elementor-element elementor-element-feda630 elementor-section-height-min-height elementor-section-boxed elementor-section-height-default elementor-section-items-middle\" data-id=\"feda630\" data-element_type=\"section\" data-e-type=\"section\" data-settings=\"{&quot;background_background&quot;:&quot;classic&quot;}\">\n\t\t\t\t\t\t\t<div class=\"elementor-background-overlay\"><\/div>\n\t\t\t\t\t\t\t<div class=\"elementor-container elementor-column-gap-no\">\n\t\t\t\t\t<div class=\"elementor-column elementor-col-100 elementor-top-column elementor-element elementor-element-9b99616\" data-id=\"9b99616\" data-element_type=\"column\" data-e-type=\"column\">\n\t\t\t<div class=\"elementor-widget-wrap elementor-element-populated\">\n\t\t\t\t\t\t<div class=\"elementor-element elementor-element-1a89144 animated-slow elementor-invisible elementor-widget elementor-widget-heading\" data-id=\"1a89144\" data-element_type=\"widget\" data-e-type=\"widget\" data-settings=\"{&quot;_animation&quot;:&quot;fadeInUp&quot;,&quot;_animation_delay&quot;:2500}\" data-widget_type=\"heading.default\">\n\t\t\t\t<div class=\"elementor-widget-container\">\n\t\t\t\t\t<h2 class=\"elementor-heading-title elementor-size-default\">Resistant and stable<\/h2>\t\t\t\t<\/div>\n\t\t\t\t<\/div>\n\t\t\t\t<div class=\"elementor-element elementor-element-08f05f7 animated-slow elementor-invisible elementor-widget elementor-widget-heading\" data-id=\"08f05f7\" data-element_type=\"widget\" data-e-type=\"widget\" data-settings=\"{&quot;_animation&quot;:&quot;zoomIn&quot;,&quot;_animation_delay&quot;:500}\" data-widget_type=\"heading.default\">\n\t\t\t\t<div class=\"elementor-widget-container\">\n\t\t\t\t\t<h2 class=\"elementor-heading-title elementor-size-default\">Softwoods<\/h2>\t\t\t\t<\/div>\n\t\t\t\t<\/div>\n\t\t\t\t\t<\/div>\n\t\t<\/div>\n\t\t\t\t\t<\/div>\n\t\t<\/section>\n\t\t\t\t<section class=\"elementor-section elementor-top-section elementor-element elementor-element-a1eb372 elementor-section-full_width elementor-section-height-default elementor-section-height-default elementor-invisible\" data-id=\"a1eb372\" data-element_type=\"section\" data-e-type=\"section\" data-settings=\"{&quot;animation&quot;:&quot;slideInLeft&quot;}\">\n\t\t\t\t\t\t<div class=\"elementor-container elementor-column-gap-default\">\n\t\t\t\t\t<div class=\"elementor-column elementor-col-50 elementor-top-column elementor-element elementor-element-dfababa\" data-id=\"dfababa\" data-element_type=\"column\" data-e-type=\"column\" data-settings=\"{&quot;background_background&quot;:&quot;gradient&quot;}\">\n\t\t\t<div class=\"elementor-widget-wrap elementor-element-populated\">\n\t\t\t\t\t\t<div class=\"elementor-element elementor-element-40e44b3 elementor-widget elementor-widget-heading\" data-id=\"40e44b3\" data-element_type=\"widget\" data-e-type=\"widget\" data-widget_type=\"heading.default\">\n\t\t\t\t<div class=\"elementor-widget-container\">\n\t\t\t\t\t<h2 class=\"elementor-heading-title elementor-size-default\">The multifunctional<\/h2>\t\t\t\t<\/div>\n\t\t\t\t<\/div>\n\t\t\t\t<div class=\"elementor-element elementor-element-e1f1cbb elementor-widget-divider--view-line elementor-widget elementor-widget-divider\" data-id=\"e1f1cbb\" data-element_type=\"widget\" data-e-type=\"widget\" data-widget_type=\"divider.default\">\n\t\t\t\t<div class=\"elementor-widget-container\">\n\t\t\t\t\t\t\t<div class=\"elementor-divider\">\n\t\t\t<span class=\"elementor-divider-separator\">\n\t\t\t\t\t\t<\/span>\n\t\t<\/div>\n\t\t\t\t\t\t<\/div>\n\t\t\t\t<\/div>\n\t\t\t\t<div class=\"elementor-element elementor-element-3ff4913 elementor-widget elementor-widget-text-editor\" data-id=\"3ff4913\" data-element_type=\"widget\" data-e-type=\"widget\" data-widget_type=\"text-editor.default\">\n\t\t\t\t<div class=\"elementor-widget-container\">\n\t\t\t\t\t\t\t\t\t<p>Coniferous wood in the true sense of the word is the wood of coniferous trees. Occasionally the group of coniferous woods is also called resinous wood because it contains much more resin than deciduous woods.<\/p><p>Nadelholz ist insgesamt homogener als das Holz der Laubb\u00e4ume. Witterungsbest\u00e4ndiger und resistenter gegen Pilzbefall und korrosionsbest\u00e4ndiger gegen\u00fcber Chemikalien ist es unter anderem wegen des hohen Harzgehaltes. Aufgrund der geringen Schwindung ist es auch form- und dimensionsstabiler als viele Laubh\u00f6lzer. In der Verbindung mit der guten Bearbeitbarkeit lassen diese Eigenschaften eine vielseitige Verwendung insbesondere als Bau- und Schnittholz zu.<\/p>\t\t\t\t\t\t\t\t<\/div>\n\t\t\t\t<\/div>\n\t\t\t\t\t<\/div>\n\t\t<\/div>\n\t\t\t\t<div class=\"elementor-column elementor-col-50 elementor-top-column elementor-element elementor-element-e4638cc\" data-id=\"e4638cc\" data-element_type=\"column\" data-e-type=\"column\">\n\t\t\t<div class=\"elementor-widget-wrap\">\n\t\t\t\t\t\t\t<\/div>\n\t\t<\/div>\n\t\t\t\t\t<\/div>\n\t\t<\/section>\n\t\t\t\t<section class=\"elementor-section elementor-top-section elementor-element elementor-element-034715a elementor-section-boxed elementor-section-height-default elementor-section-height-default\" data-id=\"034715a\" data-element_type=\"section\" data-e-type=\"section\">\n\t\t\t\t\t\t<div class=\"elementor-container elementor-column-gap-default\">\n\t\t\t\t\t<div class=\"elementor-column elementor-col-100 elementor-top-column elementor-element elementor-element-9106fd7\" data-id=\"9106fd7\" data-element_type=\"column\" data-e-type=\"column\">\n\t\t\t<div class=\"elementor-widget-wrap elementor-element-populated\">\n\t\t\t\t\t\t<div class=\"elementor-element elementor-element-5a75824 elementor-widget elementor-widget-heading\" data-id=\"5a75824\" data-element_type=\"widget\" data-e-type=\"widget\" data-widget_type=\"heading.default\">\n\t\t\t\t<div class=\"elementor-widget-container\">\n\t\t\t\t\t<h2 class=\"elementor-heading-title elementor-size-default\">Our softwoods<\/h2>\t\t\t\t<\/div>\n\t\t\t\t<\/div>\n\t\t\t\t<div class=\"elementor-element elementor-element-099e7a6 elementor-widget-divider--view-line elementor-invisible elementor-widget elementor-widget-divider\" data-id=\"099e7a6\" data-element_type=\"widget\" data-e-type=\"widget\" data-settings=\"{&quot;_animation&quot;:&quot;slideInLeft&quot;}\" data-widget_type=\"divider.default\">\n\t\t\t\t<div class=\"elementor-widget-container\">\n\t\t\t\t\t\t\t<div class=\"elementor-divider\">\n\t\t\t<span class=\"elementor-divider-separator\">\n\t\t\t\t\t\t<\/span>\n\t\t<\/div>\n\t\t\t\t\t\t<\/div>\n\t\t\t\t<\/div>\n\t\t\t\t<section class=\"elementor-section elementor-inner-section elementor-element elementor-element-5a57eba elementor-section-boxed elementor-section-height-default elementor-section-height-default\" data-id=\"5a57eba\" data-element_type=\"section\" data-e-type=\"section\">\n\t\t\t\t\t\t<div class=\"elementor-container elementor-column-gap-default\">\n\t\t\t\t\t<div class=\"elementor-column elementor-col-33 elementor-inner-column elementor-element elementor-element-f41af71\" data-id=\"f41af71\" data-element_type=\"column\" data-e-type=\"column\" data-settings=\"{&quot;background_background&quot;:&quot;classic&quot;}\">\n\t\t\t<div class=\"elementor-widget-wrap elementor-element-populated\">\n\t\t\t\t\t\t<div class=\"elementor-element elementor-element-6582357 elementor-widget elementor-widget-image\" data-id=\"6582357\" data-element_type=\"widget\" data-e-type=\"widget\" data-widget_type=\"image.default\">\n\t\t\t\t<div class=\"elementor-widget-container\">\n\t\t\t\t\t\t\t\t\t\t\t\t\t\t\t<img fetchpriority=\"high\" decoding=\"async\" width=\"800\" height=\"800\" src=\"https:\/\/www.germantimber.company\/wp-content\/uploads\/2021\/03\/Douglasie-Pseudotsuga-menziesii.jpg\" class=\"attachment-large size-large wp-image-506\" alt=\"Douglasie\" srcset=\"https:\/\/www.germantimber.company\/wp-content\/uploads\/2021\/03\/Douglasie-Pseudotsuga-menziesii.jpg 900w, https:\/\/www.germantimber.company\/wp-content\/uploads\/2021\/03\/Douglasie-Pseudotsuga-menziesii-300x300.jpg 300w, https:\/\/www.germantimber.company\/wp-content\/uploads\/2021\/03\/Douglasie-Pseudotsuga-menziesii-150x150.jpg 150w, https:\/\/www.germantimber.company\/wp-content\/uploads\/2021\/03\/Douglasie-Pseudotsuga-menziesii-768x768.jpg 768w, https:\/\/www.germantimber.company\/wp-content\/uploads\/2021\/03\/Douglasie-Pseudotsuga-menziesii-12x12.jpg 12w\" sizes=\"(max-width: 800px) 100vw, 800px\" \/>\t\t\t\t\t\t\t\t\t\t\t\t\t\t\t<\/div>\n\t\t\t\t<\/div>\n\t\t\t\t<div class=\"elementor-element elementor-element-970a79a elementor-widget elementor-widget-heading\" data-id=\"970a79a\" data-element_type=\"widget\" data-e-type=\"widget\" data-widget_type=\"heading.default\">\n\t\t\t\t<div class=\"elementor-widget-container\">\n\t\t\t\t\t<h2 class=\"elementor-heading-title elementor-size-default\">European Douglas fir<\/h2>\t\t\t\t<\/div>\n\t\t\t\t<\/div>\n\t\t\t\t<div class=\"elementor-element elementor-element-f2055b0 elementor-widget elementor-widget-text-editor\" data-id=\"f2055b0\" data-element_type=\"widget\" data-e-type=\"widget\" data-widget_type=\"text-editor.default\">\n\t\t\t\t<div class=\"elementor-widget-container\">\n\t\t\t\t\t\t\t\t\t<p>(Pseudotsuga menziesii)<\/p>\t\t\t\t\t\t\t\t<\/div>\n\t\t\t\t<\/div>\n\t\t\t\t\t<\/div>\n\t\t<\/div>\n\t\t\t\t<div class=\"elementor-column elementor-col-33 elementor-inner-column elementor-element elementor-element-7f17a7e\" data-id=\"7f17a7e\" data-element_type=\"column\" data-e-type=\"column\" data-settings=\"{&quot;background_background&quot;:&quot;classic&quot;}\">\n\t\t\t<div class=\"elementor-widget-wrap elementor-element-populated\">\n\t\t\t\t\t\t<div class=\"elementor-element elementor-element-fe925e9 elementor-widget elementor-widget-image\" data-id=\"fe925e9\" data-element_type=\"widget\" data-e-type=\"widget\" data-widget_type=\"image.default\">\n\t\t\t\t<div class=\"elementor-widget-container\">\n\t\t\t\t\t\t\t\t\t\t\t\t\t\t\t<img decoding=\"async\" width=\"800\" height=\"800\" src=\"https:\/\/www.germantimber.company\/wp-content\/uploads\/2021\/03\/Fichte-Picea-abies.jpg\" class=\"attachment-large size-large wp-image-507\" alt=\"Fichte\" srcset=\"https:\/\/www.germantimber.company\/wp-content\/uploads\/2021\/03\/Fichte-Picea-abies.jpg 900w, https:\/\/www.germantimber.company\/wp-content\/uploads\/2021\/03\/Fichte-Picea-abies-300x300.jpg 300w, https:\/\/www.germantimber.company\/wp-content\/uploads\/2021\/03\/Fichte-Picea-abies-150x150.jpg 150w, https:\/\/www.germantimber.company\/wp-content\/uploads\/2021\/03\/Fichte-Picea-abies-768x768.jpg 768w, https:\/\/www.germantimber.company\/wp-content\/uploads\/2021\/03\/Fichte-Picea-abies-12x12.jpg 12w\" sizes=\"(max-width: 800px) 100vw, 800px\" \/>\t\t\t\t\t\t\t\t\t\t\t\t\t\t\t<\/div>\n\t\t\t\t<\/div>\n\t\t\t\t<div class=\"elementor-element elementor-element-8be9d04 elementor-widget elementor-widget-heading\" data-id=\"8be9d04\" data-element_type=\"widget\" data-e-type=\"widget\" data-widget_type=\"heading.default\">\n\t\t\t\t<div class=\"elementor-widget-container\">\n\t\t\t\t\t<h2 class=\"elementor-heading-title elementor-size-default\">European spruce<\/h2>\t\t\t\t<\/div>\n\t\t\t\t<\/div>\n\t\t\t\t<div class=\"elementor-element elementor-element-3d057ba elementor-widget elementor-widget-text-editor\" data-id=\"3d057ba\" data-element_type=\"widget\" data-e-type=\"widget\" data-widget_type=\"text-editor.default\">\n\t\t\t\t<div class=\"elementor-widget-container\">\n\t\t\t\t\t\t\t\t\t<p>(Picea abies)<\/p>\t\t\t\t\t\t\t\t<\/div>\n\t\t\t\t<\/div>\n\t\t\t\t\t<\/div>\n\t\t<\/div>\n\t\t\t\t<div class=\"elementor-column elementor-col-33 elementor-inner-column elementor-element elementor-element-855eb5d\" data-id=\"855eb5d\" data-element_type=\"column\" data-e-type=\"column\" data-settings=\"{&quot;background_background&quot;:&quot;classic&quot;}\">\n\t\t\t<div class=\"elementor-widget-wrap elementor-element-populated\">\n\t\t\t\t\t\t<div class=\"elementor-element elementor-element-a48c1d5 elementor-widget elementor-widget-gallery\" data-id=\"a48c1d5\" data-element_type=\"widget\" data-e-type=\"widget\" data-settings=\"{&quot;columns&quot;:2,&quot;columns_mobile&quot;:2,&quot;gap&quot;:{&quot;unit&quot;:&quot;px&quot;,&quot;size&quot;:0,&quot;sizes&quot;:[]},&quot;gap_mobile&quot;:{&quot;unit&quot;:&quot;px&quot;,&quot;size&quot;:0,&quot;sizes&quot;:[]},&quot;aspect_ratio&quot;:&quot;9:16&quot;,&quot;lazyload&quot;:&quot;yes&quot;,&quot;gallery_layout&quot;:&quot;grid&quot;,&quot;columns_tablet&quot;:2,&quot;gap_tablet&quot;:{&quot;unit&quot;:&quot;px&quot;,&quot;size&quot;:10,&quot;sizes&quot;:[]},&quot;link_to&quot;:&quot;file&quot;,&quot;overlay_background&quot;:&quot;yes&quot;,&quot;content_hover_animation&quot;:&quot;fade-in&quot;}\" data-widget_type=\"gallery.default\">\n\t\t\t\t<div class=\"elementor-widget-container\">\n\t\t\t\t\t\t\t<div class=\"elementor-gallery__container\">\n\t\t\t\t\t\t\t<a class=\"e-gallery-item elementor-gallery-item elementor-animated-content\" href=\"https:\/\/www.germantimber.company\/wp-content\/uploads\/2021\/03\/Kiefer2.jpg\" data-elementor-open-lightbox=\"yes\" data-elementor-lightbox-slideshow=\"a48c1d5\" data-elementor-lightbox-title=\"Kiefer2\" data-e-action-hash=\"#elementor-action%3Aaction%3Dlightbox%26settings%3DeyJpZCI6NTQwLCJ1cmwiOiJodHRwczpcL1wvd3d3Lmdlcm1hbnRpbWJlci5jb21wYW55XC93cC1jb250ZW50XC91cGxvYWRzXC8yMDIxXC8wM1wvS2llZmVyMi5qcGciLCJzbGlkZXNob3ciOiJhNDhjMWQ1In0%3D\">\n\t\t\t\t\t<div class=\"e-gallery-image elementor-gallery-item__image\" data-thumbnail=\"https:\/\/www.germantimber.company\/wp-content\/uploads\/2021\/03\/Kiefer2-768x576.jpg\" data-width=\"768\" data-height=\"576\" aria-label=\"\" role=\"img\" ><\/div>\n\t\t\t\t\t\t\t\t\t\t\t<div class=\"elementor-gallery-item__overlay\"><\/div>\n\t\t\t\t\t\t\t\t\t\t\t\t\t\t<\/a>\n\t\t\t\t\t\t\t<a class=\"e-gallery-item elementor-gallery-item elementor-animated-content\" href=\"https:\/\/www.germantimber.company\/wp-content\/uploads\/2021\/03\/Kiefer1.jpg\" data-elementor-open-lightbox=\"yes\" data-elementor-lightbox-slideshow=\"a48c1d5\" data-elementor-lightbox-title=\"Kiefer1\" data-e-action-hash=\"#elementor-action%3Aaction%3Dlightbox%26settings%3DeyJpZCI6NTM5LCJ1cmwiOiJodHRwczpcL1wvd3d3Lmdlcm1hbnRpbWJlci5jb21wYW55XC93cC1jb250ZW50XC91cGxvYWRzXC8yMDIxXC8wM1wvS2llZmVyMS5qcGciLCJzbGlkZXNob3ciOiJhNDhjMWQ1In0%3D\">\n\t\t\t\t\t<div class=\"e-gallery-image elementor-gallery-item__image\" data-thumbnail=\"https:\/\/www.germantimber.company\/wp-content\/uploads\/2021\/03\/Kiefer1-768x599.jpg\" data-width=\"768\" data-height=\"599\" aria-label=\"\" role=\"img\" ><\/div>\n\t\t\t\t\t\t\t\t\t\t\t<div class=\"elementor-gallery-item__overlay\"><\/div>\n\t\t\t\t\t\t\t\t\t\t\t\t\t\t<\/a>\n\t\t\t\t\t<\/div>\n\t\t\t\t\t<\/div>\n\t\t\t\t<\/div>\n\t\t\t\t<div class=\"elementor-element elementor-element-d1ec9c4 elementor-widget elementor-widget-heading\" data-id=\"d1ec9c4\" data-element_type=\"widget\" data-e-type=\"widget\" data-widget_type=\"heading.default\">\n\t\t\t\t<div class=\"elementor-widget-container\">\n\t\t\t\t\t<h2 class=\"elementor-heading-title elementor-size-default\">Pine<\/h2>\t\t\t\t<\/div>\n\t\t\t\t<\/div>\n\t\t\t\t<div class=\"elementor-element elementor-element-d24f8da elementor-widget elementor-widget-text-editor\" data-id=\"d24f8da\" data-element_type=\"widget\" data-e-type=\"widget\" data-widget_type=\"text-editor.default\">\n\t\t\t\t<div class=\"elementor-widget-container\">\n\t\t\t\t\t\t\t\t\t<p>(Pinus sylvestris)<\/p>\t\t\t\t\t\t\t\t<\/div>\n\t\t\t\t<\/div>\n\t\t\t\t\t<\/div>\n\t\t<\/div>\n\t\t\t\t\t<\/div>\n\t\t<\/section>\n\t\t\t\t<section class=\"elementor-section elementor-inner-section elementor-element elementor-element-118e8a6 elementor-section-boxed elementor-section-height-default elementor-section-height-default\" data-id=\"118e8a6\" data-element_type=\"section\" data-e-type=\"section\">\n\t\t\t\t\t\t<div class=\"elementor-container elementor-column-gap-default\">\n\t\t\t\t\t<div class=\"elementor-column elementor-col-33 elementor-inner-column elementor-element elementor-element-cdb46b4\" data-id=\"cdb46b4\" data-element_type=\"column\" data-e-type=\"column\" data-settings=\"{&quot;background_background&quot;:&quot;classic&quot;}\">\n\t\t\t<div class=\"elementor-widget-wrap elementor-element-populated\">\n\t\t\t\t\t\t<div class=\"elementor-element elementor-element-8d3ea6d elementor-widget elementor-widget-image\" data-id=\"8d3ea6d\" data-element_type=\"widget\" data-e-type=\"widget\" data-widget_type=\"image.default\">\n\t\t\t\t<div class=\"elementor-widget-container\">\n\t\t\t\t\t\t\t\t\t\t\t\t\t\t\t<img decoding=\"async\" width=\"800\" height=\"800\" src=\"https:\/\/www.germantimber.company\/wp-content\/uploads\/2021\/03\/Southern-Yellow-Pine-Pinus-ssp.jpg\" class=\"attachment-large size-large wp-image-510\" alt=\"Southern Yellow Pine\" srcset=\"https:\/\/www.germantimber.company\/wp-content\/uploads\/2021\/03\/Southern-Yellow-Pine-Pinus-ssp.jpg 900w, https:\/\/www.germantimber.company\/wp-content\/uploads\/2021\/03\/Southern-Yellow-Pine-Pinus-ssp-300x300.jpg 300w, https:\/\/www.germantimber.company\/wp-content\/uploads\/2021\/03\/Southern-Yellow-Pine-Pinus-ssp-150x150.jpg 150w, https:\/\/www.germantimber.company\/wp-content\/uploads\/2021\/03\/Southern-Yellow-Pine-Pinus-ssp-768x768.jpg 768w, https:\/\/www.germantimber.company\/wp-content\/uploads\/2021\/03\/Southern-Yellow-Pine-Pinus-ssp-12x12.jpg 12w\" sizes=\"(max-width: 800px) 100vw, 800px\" \/>\t\t\t\t\t\t\t\t\t\t\t\t\t\t\t<\/div>\n\t\t\t\t<\/div>\n\t\t\t\t<div class=\"elementor-element elementor-element-20813cd elementor-widget elementor-widget-heading\" data-id=\"20813cd\" data-element_type=\"widget\" data-e-type=\"widget\" data-widget_type=\"heading.default\">\n\t\t\t\t<div class=\"elementor-widget-container\">\n\t\t\t\t\t<h2 class=\"elementor-heading-title elementor-size-default\">American Southern Yellow Pine<\/h2>\t\t\t\t<\/div>\n\t\t\t\t<\/div>\n\t\t\t\t<div class=\"elementor-element elementor-element-29ac5e9 elementor-widget elementor-widget-text-editor\" data-id=\"29ac5e9\" data-element_type=\"widget\" data-e-type=\"widget\" data-widget_type=\"text-editor.default\">\n\t\t\t\t<div class=\"elementor-widget-container\">\n\t\t\t\t\t\t\t\t\t<p>(Pinus ssp.)<\/p>\t\t\t\t\t\t\t\t<\/div>\n\t\t\t\t<\/div>\n\t\t\t\t\t<\/div>\n\t\t<\/div>\n\t\t\t\t<div class=\"elementor-column elementor-col-33 elementor-inner-column elementor-element elementor-element-7128e1f\" data-id=\"7128e1f\" data-element_type=\"column\" data-e-type=\"column\" data-settings=\"{&quot;background_background&quot;:&quot;classic&quot;}\">\n\t\t\t<div class=\"elementor-widget-wrap elementor-element-populated\">\n\t\t\t\t\t\t<div class=\"elementor-element elementor-element-fa7104b elementor-widget elementor-widget-image\" data-id=\"fa7104b\" data-element_type=\"widget\" data-e-type=\"widget\" data-widget_type=\"image.default\">\n\t\t\t\t<div class=\"elementor-widget-container\">\n\t\t\t\t\t\t\t\t\t\t\t\t\t\t\t<img loading=\"lazy\" decoding=\"async\" width=\"800\" height=\"800\" src=\"https:\/\/www.germantimber.company\/wp-content\/uploads\/2021\/03\/Laerche-Larix.jpg\" class=\"attachment-large size-large wp-image-509\" alt=\"L\u00e4rche\" srcset=\"https:\/\/www.germantimber.company\/wp-content\/uploads\/2021\/03\/Laerche-Larix.jpg 900w, https:\/\/www.germantimber.company\/wp-content\/uploads\/2021\/03\/Laerche-Larix-300x300.jpg 300w, https:\/\/www.germantimber.company\/wp-content\/uploads\/2021\/03\/Laerche-Larix-150x150.jpg 150w, https:\/\/www.germantimber.company\/wp-content\/uploads\/2021\/03\/Laerche-Larix-768x768.jpg 768w, https:\/\/www.germantimber.company\/wp-content\/uploads\/2021\/03\/Laerche-Larix-12x12.jpg 12w\" sizes=\"(max-width: 800px) 100vw, 800px\" \/>\t\t\t\t\t\t\t\t\t\t\t\t\t\t\t<\/div>\n\t\t\t\t<\/div>\n\t\t\t\t<div class=\"elementor-element elementor-element-958d7ff elementor-widget elementor-widget-heading\" data-id=\"958d7ff\" data-element_type=\"widget\" data-e-type=\"widget\" data-widget_type=\"heading.default\">\n\t\t\t\t<div class=\"elementor-widget-container\">\n\t\t\t\t\t<h2 class=\"elementor-heading-title elementor-size-default\">European Larch<\/h2>\t\t\t\t<\/div>\n\t\t\t\t<\/div>\n\t\t\t\t<div class=\"elementor-element elementor-element-12e5875 elementor-widget elementor-widget-text-editor\" data-id=\"12e5875\" data-element_type=\"widget\" data-e-type=\"widget\" data-widget_type=\"text-editor.default\">\n\t\t\t\t<div class=\"elementor-widget-container\">\n\t\t\t\t\t\t\t\t\t<p>(Larix ssp.)<\/p>\t\t\t\t\t\t\t\t<\/div>\n\t\t\t\t<\/div>\n\t\t\t\t\t<\/div>\n\t\t<\/div>\n\t\t\t\t<div class=\"elementor-column elementor-col-33 elementor-inner-column elementor-element elementor-element-65d1f4d\" data-id=\"65d1f4d\" data-element_type=\"column\" data-e-type=\"column\" data-settings=\"{&quot;background_background&quot;:&quot;classic&quot;}\">\n\t\t\t<div class=\"elementor-widget-wrap elementor-element-populated\">\n\t\t\t\t\t\t<div class=\"elementor-element elementor-element-e8918f0 elementor-widget elementor-widget-image\" data-id=\"e8918f0\" data-element_type=\"widget\" data-e-type=\"widget\" data-widget_type=\"image.default\">\n\t\t\t\t<div class=\"elementor-widget-container\">\n\t\t\t\t\t\t\t\t\t\t\t\t\t\t\t<img loading=\"lazy\" decoding=\"async\" width=\"800\" height=\"800\" src=\"https:\/\/www.germantimber.company\/wp-content\/uploads\/2021\/03\/Weisstanne-Abies-alba.jpg\" class=\"attachment-large size-large wp-image-511\" alt=\"Wei\u00dftanne\" srcset=\"https:\/\/www.germantimber.company\/wp-content\/uploads\/2021\/03\/Weisstanne-Abies-alba.jpg 900w, https:\/\/www.germantimber.company\/wp-content\/uploads\/2021\/03\/Weisstanne-Abies-alba-300x300.jpg 300w, https:\/\/www.germantimber.company\/wp-content\/uploads\/2021\/03\/Weisstanne-Abies-alba-150x150.jpg 150w, https:\/\/www.germantimber.company\/wp-content\/uploads\/2021\/03\/Weisstanne-Abies-alba-768x768.jpg 768w, https:\/\/www.germantimber.company\/wp-content\/uploads\/2021\/03\/Weisstanne-Abies-alba-12x12.jpg 12w\" sizes=\"(max-width: 800px) 100vw, 800px\" \/>\t\t\t\t\t\t\t\t\t\t\t\t\t\t\t<\/div>\n\t\t\t\t<\/div>\n\t\t\t\t<div class=\"elementor-element elementor-element-32b52ba elementor-widget elementor-widget-heading\" data-id=\"32b52ba\" data-element_type=\"widget\" data-e-type=\"widget\" data-widget_type=\"heading.default\">\n\t\t\t\t<div class=\"elementor-widget-container\">\n\t\t\t\t\t<h2 class=\"elementor-heading-title elementor-size-default\">European silver fir<\/h2>\t\t\t\t<\/div>\n\t\t\t\t<\/div>\n\t\t\t\t<div class=\"elementor-element elementor-element-b37d532 elementor-widget elementor-widget-text-editor\" data-id=\"b37d532\" data-element_type=\"widget\" data-e-type=\"widget\" data-widget_type=\"text-editor.default\">\n\t\t\t\t<div class=\"elementor-widget-container\">\n\t\t\t\t\t\t\t\t\t<p>(Abies alba)<\/p>\t\t\t\t\t\t\t\t<\/div>\n\t\t\t\t<\/div>\n\t\t\t\t\t<\/div>\n\t\t<\/div>\n\t\t\t\t\t<\/div>\n\t\t<\/section>\n\t\t\t\t\t<\/div>\n\t\t<\/div>\n\t\t\t\t\t<\/div>\n\t\t<\/section>\n\t\t\t\t<section class=\"elementor-section elementor-top-section elementor-element elementor-element-2baef50 elementor-hidden-desktop elementor-hidden-tablet elementor-hidden-mobile elementor-section-boxed elementor-section-height-default elementor-section-height-default\" data-id=\"2baef50\" data-element_type=\"section\" data-e-type=\"section\">\n\t\t\t\t\t\t<div class=\"elementor-container elementor-column-gap-default\">\n\t\t\t\t\t<div class=\"elementor-column elementor-col-50 elementor-top-column elementor-element elementor-element-c751372\" data-id=\"c751372\" data-element_type=\"column\" data-e-type=\"column\" data-settings=\"{&quot;background_background&quot;:&quot;classic&quot;}\">\n\t\t\t<div class=\"elementor-widget-wrap elementor-element-populated\">\n\t\t\t\t\t\t<div class=\"elementor-element elementor-element-bbbf4f5 elementor-widget elementor-widget-heading\" data-id=\"bbbf4f5\" data-element_type=\"widget\" data-e-type=\"widget\" data-widget_type=\"heading.default\">\n\t\t\t\t<div class=\"elementor-widget-container\">\n\t\t\t\t\t<h2 class=\"elementor-heading-title elementor-size-default\">Do you have any questions?<\/h2>\t\t\t\t<\/div>\n\t\t\t\t<\/div>\n\t\t\t\t<div class=\"elementor-element elementor-element-038f1b1 elementor-widget elementor-widget-text-editor\" data-id=\"038f1b1\" data-element_type=\"widget\" data-e-type=\"widget\" data-widget_type=\"text-editor.default\">\n\t\t\t\t<div class=\"elementor-widget-container\">\n\t\t\t\t\t\t\t\t\t<p>Please feel free to contact me by phone or e-mail.<br \/>I look forward to advising and supporting you.<\/p>\t\t\t\t\t\t\t\t<\/div>\n\t\t\t\t<\/div>\n\t\t\t\t<div class=\"elementor-element elementor-element-d4cccf3 elementor-widget elementor-widget-text-editor\" data-id=\"d4cccf3\" data-element_type=\"widget\" data-e-type=\"widget\" data-widget_type=\"text-editor.default\">\n\t\t\t\t<div class=\"elementor-widget-container\">\n\t\t\t\t\t\t\t\t\t<p>\"For me, wood is the raw material of our work and the basis of our work.\"<\/p>\t\t\t\t\t\t\t\t<\/div>\n\t\t\t\t<\/div>\n\t\t\t\t\t<\/div>\n\t\t<\/div>\n\t\t\t\t<div class=\"elementor-column elementor-col-50 elementor-top-column elementor-element elementor-element-0f03497\" data-id=\"0f03497\" data-element_type=\"column\" data-e-type=\"column\" data-settings=\"{&quot;background_background&quot;:&quot;classic&quot;}\">\n\t\t\t<div class=\"elementor-widget-wrap elementor-element-populated\">\n\t\t\t\t\t\t<div class=\"elementor-element elementor-element-d68d6c1 elementor-invisible elementor-widget elementor-widget-image\" data-id=\"d68d6c1\" data-element_type=\"widget\" data-e-type=\"widget\" data-settings=\"{&quot;_animation&quot;:&quot;zoomIn&quot;}\" data-widget_type=\"image.default\">\n\t\t\t\t<div class=\"elementor-widget-container\">\n\t\t\t\t\t\t\t\t\t\t\t\t\t\t\t<img loading=\"lazy\" decoding=\"async\" width=\"500\" height=\"500\" src=\"https:\/\/www.germantimber.company\/wp-content\/uploads\/2021\/03\/GTC-Andreas-Losekamm-Holzeinkauf.jpg\" class=\"attachment-large size-large wp-image-525\" alt=\"Andreas Losekamm\" srcset=\"https:\/\/www.germantimber.company\/wp-content\/uploads\/2021\/03\/GTC-Andreas-Losekamm-Holzeinkauf.jpg 500w, https:\/\/www.germantimber.company\/wp-content\/uploads\/2021\/03\/GTC-Andreas-Losekamm-Holzeinkauf-300x300.jpg 300w, https:\/\/www.germantimber.company\/wp-content\/uploads\/2021\/03\/GTC-Andreas-Losekamm-Holzeinkauf-150x150.jpg 150w, https:\/\/www.germantimber.company\/wp-content\/uploads\/2021\/03\/GTC-Andreas-Losekamm-Holzeinkauf-12x12.jpg 12w\" sizes=\"(max-width: 500px) 100vw, 500px\" \/>\t\t\t\t\t\t\t\t\t\t\t\t\t\t\t<\/div>\n\t\t\t\t<\/div>\n\t\t\t\t<div class=\"elementor-element elementor-element-f0547b3 elementor-widget elementor-widget-heading\" data-id=\"f0547b3\" data-element_type=\"widget\" data-e-type=\"widget\" data-widget_type=\"heading.default\">\n\t\t\t\t<div class=\"elementor-widget-container\">\n\t\t\t\t\t<h2 class=\"elementor-heading-title elementor-size-default\">Andreas Losekamm<\/h2>\t\t\t\t<\/div>\n\t\t\t\t<\/div>\n\t\t\t\t<div class=\"elementor-element elementor-element-659ff2c elementor-widget-divider--view-line elementor-widget elementor-widget-divider\" data-id=\"659ff2c\" data-element_type=\"widget\" data-e-type=\"widget\" data-widget_type=\"divider.default\">\n\t\t\t\t<div class=\"elementor-widget-container\">\n\t\t\t\t\t\t\t<div class=\"elementor-divider\">\n\t\t\t<span class=\"elementor-divider-separator\">\n\t\t\t\t\t\t<\/span>\n\t\t<\/div>\n\t\t\t\t\t\t<\/div>\n\t\t\t\t<\/div>\n\t\t\t\t<div class=\"elementor-element elementor-element-c1aaa81 elementor-align-center elementor-icon-list--layout-traditional elementor-list-item-link-full_width elementor-widget elementor-widget-icon-list\" data-id=\"c1aaa81\" data-element_type=\"widget\" data-e-type=\"widget\" data-widget_type=\"icon-list.default\">\n\t\t\t\t<div class=\"elementor-widget-container\">\n\t\t\t\t\t\t\t<ul class=\"elementor-icon-list-items\">\n\t\t\t\t\t\t\t<li class=\"elementor-icon-list-item\">\n\t\t\t\t\t\t\t\t\t\t\t<a href=\"tel:+4917610563133\">\n\n\t\t\t\t\t\t\t\t\t\t\t\t<span class=\"elementor-icon-list-icon\">\n\t\t\t\t\t\t\t<i aria-hidden=\"true\" class=\"fas fa-mobile-alt\"><\/i>\t\t\t\t\t\t<\/span>\n\t\t\t\t\t\t\t\t\t\t<span class=\"elementor-icon-list-text\">+49 176 10563133<\/span>\n\t\t\t\t\t\t\t\t\t\t\t<\/a>\n\t\t\t\t\t\t\t\t\t<\/li>\n\t\t\t\t\t\t\t\t<li class=\"elementor-icon-list-item\">\n\t\t\t\t\t\t\t\t\t\t\t<a href=\"mailto:andreas@germantimber.net\">\n\n\t\t\t\t\t\t\t\t\t\t\t\t<span class=\"elementor-icon-list-icon\">\n\t\t\t\t\t\t\t<i aria-hidden=\"true\" class=\"fas fa-envelope\"><\/i>\t\t\t\t\t\t<\/span>\n\t\t\t\t\t\t\t\t\t\t<span class=\"elementor-icon-list-text\">andreas@germantimber.net<\/span>\n\t\t\t\t\t\t\t\t\t\t\t<\/a>\n\t\t\t\t\t\t\t\t\t<\/li>\n\t\t\t\t\t\t<\/ul>\n\t\t\t\t\t\t<\/div>\n\t\t\t\t<\/div>\n\t\t\t\t\t<\/div>\n\t\t<\/div>\n\t\t\t\t\t<\/div>\n\t\t<\/section>\n\t\t\t\t<\/div>","protected":false},"excerpt":{"rendered":"<p>Resistent und formstabil Nadelh\u00f6lzer Das multifunktionale Mit Nadelholz ist im eigentlichen Sinne das Holz der Nadelb\u00e4ume bezeichnet. Gelegentlich wird die Gruppe der Nadelh\u00f6lzer auch als Harzholz bezeichnet weil es im Vergleich zu den Laubh\u00f6lzern deutlich harzhaltiger ist. Nadelholz ist insgesamt homogener als das Holz der Laubb\u00e4ume. Witterungsbest\u00e4ndiger und resistenter gegen Pilzbefall und korrosionsbest\u00e4ndiger gegen\u00fcber Chemikalien [&hellip;]<\/p>\n","protected":false},"author":1,"featured_media":0,"parent":0,"menu_order":0,"comment_status":"closed","ping_status":"closed","template":"","meta":{"footnotes":""},"class_list":["post-13","page","type-page","status-publish","hentry"],"yoast_head":"<!-- This site is optimized with the Yoast SEO plugin v27.4 - https:\/\/yoast.com\/product\/yoast-seo-wordpress\/ -->\n<title>German Timber Company - Einkauf und Export von Nadelholz<\/title>\n<meta name=\"description\" content=\"Die GTC kauft Weichholzst\u00e4mme\/Nadelholz gezielt nach Kundenw\u00fcnschen im deutschen Forst f\u00fcr den Export ein.\" \/>\n<meta name=\"robots\" content=\"index, follow, max-snippet:-1, max-image-preview:large, max-video-preview:-1\" \/>\n<link rel=\"canonical\" href=\"https:\/\/www.germantimber.company\/en\/weichholzstaemm\/\" \/>\n<meta property=\"og:locale\" content=\"en_US\" \/>\n<meta property=\"og:type\" content=\"article\" \/>\n<meta property=\"og:title\" content=\"German Timber Company - Einkauf und Export von Nadelholz\" \/>\n<meta property=\"og:description\" content=\"Die GTC kauft Weichholzst\u00e4mme\/Nadelholz gezielt nach Kundenw\u00fcnschen im deutschen Forst f\u00fcr den Export ein.\" \/>\n<meta property=\"og:url\" content=\"https:\/\/www.germantimber.company\/en\/weichholzstaemm\/\" \/>\n<meta property=\"og:site_name\" content=\"German Timber Company\" \/>\n<meta property=\"article:modified_time\" content=\"2024-04-18T11:37:08+00:00\" \/>\n<meta property=\"og:image\" content=\"https:\/\/www.germantimber.company\/wp-content\/uploads\/2021\/03\/Douglasie-Pseudotsuga-menziesii.jpg\" \/>\n<meta name=\"twitter:card\" content=\"summary_large_image\" \/>\n<meta name=\"twitter:label1\" content=\"Est. reading time\" \/>\n\t<meta name=\"twitter:data1\" content=\"3 minutes\" \/>\n<script type=\"application\/ld+json\" class=\"yoast-schema-graph\">{\"@context\":\"https:\\\/\\\/schema.org\",\"@graph\":[{\"@type\":\"WebPage\",\"@id\":\"https:\\\/\\\/www.germantimber.company\\\/weichholzstaemm\\\/\",\"url\":\"https:\\\/\\\/www.germantimber.company\\\/weichholzstaemm\\\/\",\"name\":\"German Timber Company - Einkauf und Export von Nadelholz\",\"isPartOf\":{\"@id\":\"https:\\\/\\\/www.germantimber.company\\\/#website\"},\"primaryImageOfPage\":{\"@id\":\"https:\\\/\\\/www.germantimber.company\\\/weichholzstaemm\\\/#primaryimage\"},\"image\":{\"@id\":\"https:\\\/\\\/www.germantimber.company\\\/weichholzstaemm\\\/#primaryimage\"},\"thumbnailUrl\":\"https:\\\/\\\/www.germantimber.company\\\/wp-content\\\/uploads\\\/2021\\\/03\\\/Douglasie-Pseudotsuga-menziesii.jpg\",\"datePublished\":\"2020-09-21T13:46:02+00:00\",\"dateModified\":\"2024-04-18T11:37:08+00:00\",\"description\":\"Die GTC kauft Weichholzst\u00e4mme\\\/Nadelholz gezielt nach Kundenw\u00fcnschen im deutschen Forst f\u00fcr den Export ein.\",\"breadcrumb\":{\"@id\":\"https:\\\/\\\/www.germantimber.company\\\/weichholzstaemm\\\/#breadcrumb\"},\"inLanguage\":\"en-CA\",\"potentialAction\":[{\"@type\":\"ReadAction\",\"target\":[\"https:\\\/\\\/www.germantimber.company\\\/weichholzstaemm\\\/\"]}]},{\"@type\":\"ImageObject\",\"inLanguage\":\"en-CA\",\"@id\":\"https:\\\/\\\/www.germantimber.company\\\/weichholzstaemm\\\/#primaryimage\",\"url\":\"https:\\\/\\\/www.germantimber.company\\\/wp-content\\\/uploads\\\/2021\\\/03\\\/Douglasie-Pseudotsuga-menziesii.jpg\",\"contentUrl\":\"https:\\\/\\\/www.germantimber.company\\\/wp-content\\\/uploads\\\/2021\\\/03\\\/Douglasie-Pseudotsuga-menziesii.jpg\"},{\"@type\":\"BreadcrumbList\",\"@id\":\"https:\\\/\\\/www.germantimber.company\\\/weichholzstaemm\\\/#breadcrumb\",\"itemListElement\":[{\"@type\":\"ListItem\",\"position\":1,\"name\":\"Startseite\",\"item\":\"https:\\\/\\\/www.germantimber.company\\\/\"},{\"@type\":\"ListItem\",\"position\":2,\"name\":\"Nadelholz\"}]},{\"@type\":\"WebSite\",\"@id\":\"https:\\\/\\\/www.germantimber.company\\\/#website\",\"url\":\"https:\\\/\\\/www.germantimber.company\\\/\",\"name\":\"German Timber Company\",\"description\":\"\",\"publisher\":{\"@id\":\"https:\\\/\\\/www.germantimber.company\\\/#organization\"},\"potentialAction\":[{\"@type\":\"SearchAction\",\"target\":{\"@type\":\"EntryPoint\",\"urlTemplate\":\"https:\\\/\\\/www.germantimber.company\\\/?s={search_term_string}\"},\"query-input\":{\"@type\":\"PropertyValueSpecification\",\"valueRequired\":true,\"valueName\":\"search_term_string\"}}],\"inLanguage\":\"en-CA\"},{\"@type\":\"Organization\",\"@id\":\"https:\\\/\\\/www.germantimber.company\\\/#organization\",\"name\":\"German Timber Company\",\"url\":\"https:\\\/\\\/www.germantimber.company\\\/\",\"logo\":{\"@type\":\"ImageObject\",\"inLanguage\":\"en-CA\",\"@id\":\"https:\\\/\\\/www.germantimber.company\\\/#\\\/schema\\\/logo\\\/image\\\/\",\"url\":\"https:\\\/\\\/www.germantimber.company\\\/wp-content\\\/uploads\\\/2020\\\/09\\\/GTC-Logo.svg\",\"contentUrl\":\"https:\\\/\\\/www.germantimber.company\\\/wp-content\\\/uploads\\\/2020\\\/09\\\/GTC-Logo.svg\",\"caption\":\"German Timber Company\"},\"image\":{\"@id\":\"https:\\\/\\\/www.germantimber.company\\\/#\\\/schema\\\/logo\\\/image\\\/\"}}]}<\/script>\n<!-- \/ Yoast SEO plugin. -->","yoast_head_json":{"title":"German Timber Company - Einkauf und Export von Nadelholz","description":"Die GTC kauft Weichholzst\u00e4mme\/Nadelholz gezielt nach Kundenw\u00fcnschen im deutschen Forst f\u00fcr den Export ein.","robots":{"index":"index","follow":"follow","max-snippet":"max-snippet:-1","max-image-preview":"max-image-preview:large","max-video-preview":"max-video-preview:-1"},"canonical":"https:\/\/www.germantimber.company\/en\/weichholzstaemm\/","og_locale":"en_US","og_type":"article","og_title":"German Timber Company - Einkauf und Export von Nadelholz","og_description":"Die GTC kauft Weichholzst\u00e4mme\/Nadelholz gezielt nach Kundenw\u00fcnschen im deutschen Forst f\u00fcr den Export ein.","og_url":"https:\/\/www.germantimber.company\/en\/weichholzstaemm\/","og_site_name":"German Timber Company","article_modified_time":"2024-04-18T11:37:08+00:00","og_image":[{"url":"https:\/\/www.germantimber.company\/wp-content\/uploads\/2021\/03\/Douglasie-Pseudotsuga-menziesii.jpg","type":"","width":"","height":""}],"twitter_card":"summary_large_image","twitter_misc":{"Est. reading time":"3 minutes"},"schema":{"@context":"https:\/\/schema.org","@graph":[{"@type":"WebPage","@id":"https:\/\/www.germantimber.company\/weichholzstaemm\/","url":"https:\/\/www.germantimber.company\/weichholzstaemm\/","name":"German Timber Company - Einkauf und Export von Nadelholz","isPartOf":{"@id":"https:\/\/www.germantimber.company\/#website"},"primaryImageOfPage":{"@id":"https:\/\/www.germantimber.company\/weichholzstaemm\/#primaryimage"},"image":{"@id":"https:\/\/www.germantimber.company\/weichholzstaemm\/#primaryimage"},"thumbnailUrl":"https:\/\/www.germantimber.company\/wp-content\/uploads\/2021\/03\/Douglasie-Pseudotsuga-menziesii.jpg","datePublished":"2020-09-21T13:46:02+00:00","dateModified":"2024-04-18T11:37:08+00:00","description":"Die GTC kauft Weichholzst\u00e4mme\/Nadelholz gezielt nach Kundenw\u00fcnschen im deutschen Forst f\u00fcr den Export ein.","breadcrumb":{"@id":"https:\/\/www.germantimber.company\/weichholzstaemm\/#breadcrumb"},"inLanguage":"en-CA","potentialAction":[{"@type":"ReadAction","target":["https:\/\/www.germantimber.company\/weichholzstaemm\/"]}]},{"@type":"ImageObject","inLanguage":"en-CA","@id":"https:\/\/www.germantimber.company\/weichholzstaemm\/#primaryimage","url":"https:\/\/www.germantimber.company\/wp-content\/uploads\/2021\/03\/Douglasie-Pseudotsuga-menziesii.jpg","contentUrl":"https:\/\/www.germantimber.company\/wp-content\/uploads\/2021\/03\/Douglasie-Pseudotsuga-menziesii.jpg"},{"@type":"BreadcrumbList","@id":"https:\/\/www.germantimber.company\/weichholzstaemm\/#breadcrumb","itemListElement":[{"@type":"ListItem","position":1,"name":"Startseite","item":"https:\/\/www.germantimber.company\/"},{"@type":"ListItem","position":2,"name":"Nadelholz"}]},{"@type":"WebSite","@id":"https:\/\/www.germantimber.company\/#website","url":"https:\/\/www.germantimber.company\/","name":"German Timber Company","description":"","publisher":{"@id":"https:\/\/www.germantimber.company\/#organization"},"potentialAction":[{"@type":"SearchAction","target":{"@type":"EntryPoint","urlTemplate":"https:\/\/www.germantimber.company\/?s={search_term_string}"},"query-input":{"@type":"PropertyValueSpecification","valueRequired":true,"valueName":"search_term_string"}}],"inLanguage":"en-CA"},{"@type":"Organization","@id":"https:\/\/www.germantimber.company\/#organization","name":"German Timber Company","url":"https:\/\/www.germantimber.company\/","logo":{"@type":"ImageObject","inLanguage":"en-CA","@id":"https:\/\/www.germantimber.company\/#\/schema\/logo\/image\/","url":"https:\/\/www.germantimber.company\/wp-content\/uploads\/2020\/09\/GTC-Logo.svg","contentUrl":"https:\/\/www.germantimber.company\/wp-content\/uploads\/2020\/09\/GTC-Logo.svg","caption":"German Timber Company"},"image":{"@id":"https:\/\/www.germantimber.company\/#\/schema\/logo\/image\/"}}]}},"_links":{"self":[{"href":"https:\/\/www.germantimber.company\/en\/wp-json\/wp\/v2\/pages\/13","targetHints":{"allow":["GET"]}}],"collection":[{"href":"https:\/\/www.germantimber.company\/en\/wp-json\/wp\/v2\/pages"}],"about":[{"href":"https:\/\/www.germantimber.company\/en\/wp-json\/wp\/v2\/types\/page"}],"author":[{"embeddable":true,"href":"https:\/\/www.germantimber.company\/en\/wp-json\/wp\/v2\/users\/1"}],"replies":[{"embeddable":true,"href":"https:\/\/www.germantimber.company\/en\/wp-json\/wp\/v2\/comments?post=13"}],"version-history":[{"count":60,"href":"https:\/\/www.germantimber.company\/en\/wp-json\/wp\/v2\/pages\/13\/revisions"}],"predecessor-version":[{"id":755,"href":"https:\/\/www.germantimber.company\/en\/wp-json\/wp\/v2\/pages\/13\/revisions\/755"}],"wp:attachment":[{"href":"https:\/\/www.germantimber.company\/en\/wp-json\/wp\/v2\/media?parent=13"}],"curies":[{"name":"wp","href":"https:\/\/api.w.org\/{rel}","templated":true}]}}